{"id":3205,"date":"2015-09-20T11:08:44","date_gmt":"2015-09-20T11:08:44","guid":{"rendered":"http:\/\/mudanzasgarraf.com\/vilanova-i-la-geltru\/?page_id=3205"},"modified":"2022-05-24T11:54:27","modified_gmt":"2022-05-24T11:54:27","slug":"mudanza-cunit-2","status":"publish","type":"page","link":"https:\/\/mudanzasgarraf.com\/vilanova-i-la-geltru\/mudanza-cunit-2\/","title":{"rendered":"Mudanzas Cunit"},"content":{"rendered":"<h1 class=\"page-heading\" style=\"text-align: center;\">Mudanzas Cunit<\/h1>\n<div id=\"stcpDiv\">\n<p align=\"justify\"><strong>Mudanza Cunit <\/strong>le ofrece , tanto dentro de <strong>Cunit<\/strong> como hacia otras poblaciones de la provincia o a cualquier otro punto del pais, nuestro servicio es la opci\u00f3n m\u00e1s conveniente en precio, tiempo y calidad de atenci\u00f3n.<\/p>\n<p align=\"justify\">Realizamos <strong>mudanza<\/strong> <strong>Cunit<\/strong> desde el a\u00f1o 1989, contando as\u00ed con m\u00e1s de 20 a\u00f1os de experiencia y especializaci\u00f3n en el transporte de muebles y objetos fr\u00e1giles\u00a0y valiosos, pudiendo realizar todo tipo de mudanzas como pueden ser <strong>mudanzas de viviendas, mudanzas para empresas, mudanzas de oficinas y locales o mudanzas de almacenes en Cunit.<\/strong><\/p>\n<p align=\"justify\">Nuestro compromiso siempre se centra en poder brindarle un servicio verdaderamente profesional con la m\u00e1xima seriedad y puntualidad.<\/p>\n<p align=\"justify\">Nuestro servicio de <strong>mudanza Cunit<\/strong> incluye Elevador de muebles, Montaje y desmontaje, fundas, cajas y embalajes, adem\u00e1s, <strong>el material de embalaje y primer mes de <a href=\"http:\/\/mudanzasgarraf.com\/vilanova-i-la-geltru\/guardamuebles\/\">guardamuebles<\/a> es \u00a1Gratis!<\/strong><\/p>\n<p align=\"justify\">Sabemos que una mudanza es uno de los momentos m\u00e1s importantes y estresantes que una persona puede vivir, por eso, podemos acompa\u00f1arlo encarg\u00e1ndonos de toda la log\u00edstica y trabajo de su traslado, para que s\u00f3lo tenga que pensar en la nueva etapa que comienza.<\/p>\n<p align=\"justify\">El personal est\u00e1 ampliamente capacitado y cuenta con la experiencia necesaria para este trabajo, puede confiar en nosotros para resolver su <strong>Mudanza <\/strong><strong>Cunit<\/strong> de la forma m\u00e1s satisfactoria posible.<\/p>\n<\/div>\n<p align=\"justify\">Trasladamos cada a\u00f1o a sus nuevos hogares a miles de familias que nos solicitan una <strong>mudanza Cunit<\/strong> y nos depositan su confianza, ofreci\u00e9ndoles un trato personalizado seg\u00fan sus necesidades, como empresas que requieren de nuestros servicios y les asesoramos seg\u00fan sus requerimientos (desde traslado de oficinas hasta servicio de relocation)<\/p>\n<div id=\"stcpDiv\">\n<p align=\"justify\">Solicitenos su presupuesto de forma gratuita y sin ning\u00fan tipo de compromiso, permitiendonos asesorarle en todos los detalles convenientes para su caso concreto, ya que cada mudanza es diferente, teniendo en cuenta la carga, accesos a los inmuebles, tanto de origen o destino.<\/p>\n<figure id=\"attachment_3085\" aria-describedby=\"caption-attachment-3085\" style=\"width: 300px\" class=\"wp-caption aligncenter\"><a href=\"http:\/\/mudanzasgarraf.com\/vilanova-i-la-geltru\/wp-content\/uploads\/2015\/05\/mudanzas-garraf-3.jpg\"><img loading=\"lazy\" class=\"wp-image-3085 size-medium\" title=\"mudanza cunit\" src=\"http:\/\/mudanzasgarraf.com\/vilanova-i-la-geltru\/wp-content\/uploads\/2015\/05\/mudanzas-garraf-3-300x129.jpg\" alt=\"mudanza cunit\" width=\"300\" height=\"129\" srcset=\"https:\/\/mudanzasgarraf.com\/vilanova-i-la-geltru\/wp-content\/uploads\/2015\/05\/mudanzas-garraf-3-300x129.jpg 300w, https:\/\/mudanzasgarraf.com\/vilanova-i-la-geltru\/wp-content\/uploads\/2015\/05\/mudanzas-garraf-3-1024x440.jpg 1024w, https:\/\/mudanzasgarraf.com\/vilanova-i-la-geltru\/wp-content\/uploads\/2015\/05\/mudanzas-garraf-3-750x322.jpg 750w, https:\/\/mudanzasgarraf.com\/vilanova-i-la-geltru\/wp-content\/uploads\/2015\/05\/mudanzas-garraf-3.jpg 1400w\" sizes=\"(max-width: 300px) 100vw, 300px\" \/><\/a><figcaption id=\"caption-attachment-3085\" class=\"wp-caption-text\">mudanza cunit<\/figcaption><\/figure>\n<\/div>\n<p align=\"justify\"><a href=\"http:\/\/mudanzasgarraf.com\/vilanova-i-la-geltru\/contacto\/\" target=\"_blank\" rel=\"noopener\">Mas informaci\u00f3n<\/a><\/p>\n[\/vc_column_text]\n\t<div class=\"wpb_text_column wpb_content_element \">\n\t\t<div class=\"wpb_wrapper\">\n\t\t\t<div id=\"stcpDiv\">\n<p align=\"justify\"><strong>Mudanza Cunit <\/strong>le ofrece , tanto dentro de <strong>Cunit<\/strong> como hacia otras poblaciones de la provincia o a cualquier otro punto del pais, nuestro servicio es la opci\u00f3n m\u00e1s conveniente en precio, tiempo y calidad de atenci\u00f3n.<\/p>\n<p align=\"justify\">Realizamos <strong>mudanza<\/strong> <strong>Cunit<\/strong> desde el a\u00f1o 1989, contando as\u00ed con m\u00e1s de 20 a\u00f1os de experiencia y especializaci\u00f3n en el transporte de muebles y objetos fr\u00e1giles\u00a0y valiosos, pudiendo realizar todo tipo de mudanzas como pueden ser <strong>mudanzas de viviendas, mudanzas para empresas, mudanzas de oficinas y locales o mudanzas de almacenes en Cunit.<\/strong><\/p>\n<p align=\"justify\">Nuestro compromiso siempre se centra en poder brindarle un servicio verdaderamente profesional con la m\u00e1xima seriedad y puntualidad.<\/p>\n<p align=\"justify\">Nuestro servicio de <strong>mudanza Cunit<\/strong> incluye Elevador de muebles, Montaje y desmontaje, fundas, cajas y embalajes, adem\u00e1s, <strong>el material de embalaje y primer mes de <a href=\"http:\/\/mudanzasgarraf.com\/vilanova-i-la-geltru\/guardamuebles\/\">guardamuebles<\/a> es \u00a1Gratis!<\/strong><\/p>\n<p align=\"justify\">Sabemos que una mudanza es uno de los momentos m\u00e1s importantes y estresantes que una persona puede vivir, por eso, podemos acompa\u00f1arlo encarg\u00e1ndonos de toda la log\u00edstica y trabajo de su traslado, para que s\u00f3lo tenga que pensar en la nueva etapa que comienza.<\/p>\n<p align=\"justify\">El personal est\u00e1 ampliamente capacitado y cuenta con la experiencia necesaria para este trabajo, puede confiar en nosotros para resolver su <strong>Mudanza <\/strong><strong>Cunit<\/strong> de la forma m\u00e1s satisfactoria posible.<\/p>\n<\/div>\n<p align=\"justify\">Trasladamos cada a\u00f1o a sus nuevos hogares a miles de familias que nos solicitan una <strong>mudanza Cunit<\/strong> y nos depositan su confianza, ofreci\u00e9ndoles un trato personalizado seg\u00fan sus necesidades, como empresas que requieren de nuestros servicios y les asesoramos seg\u00fan sus requerimientos (desde traslado de oficinas hasta servicio de relocation)<\/p>\n<div id=\"stcpDiv\">\n<p align=\"justify\">Solicitenos su presupuesto de forma gratuita y sin ning\u00fan tipo de compromiso, permitiendonos asesorarle en todos los detalles convenientes para su caso concreto, ya que cada mudanza es diferente, teniendo en cuenta la carga, accesos a los inmuebles, tanto de origen o destino.<\/p>\n<p><figure id=\"attachment_3085\" aria-describedby=\"caption-attachment-3085\" style=\"width: 300px\" class=\"wp-caption aligncenter\"><a href=\"http:\/\/mudanzasgarraf.com\/vilanova-i-la-geltru\/wp-content\/uploads\/2015\/05\/mudanzas-garraf-3.jpg\"><img loading=\"lazy\" class=\"wp-image-3085 size-medium\" title=\"mudanza cunit\" src=\"http:\/\/mudanzasgarraf.com\/vilanova-i-la-geltru\/wp-content\/uploads\/2015\/05\/mudanzas-garraf-3-300x129.jpg\" alt=\"mudanza cunit\" width=\"300\" height=\"129\" srcset=\"https:\/\/mudanzasgarraf.com\/vilanova-i-la-geltru\/wp-content\/uploads\/2015\/05\/mudanzas-garraf-3-300x129.jpg 300w, https:\/\/mudanzasgarraf.com\/vilanova-i-la-geltru\/wp-content\/uploads\/2015\/05\/mudanzas-garraf-3-1024x440.jpg 1024w, https:\/\/mudanzasgarraf.com\/vilanova-i-la-geltru\/wp-content\/uploads\/2015\/05\/mudanzas-garraf-3-750x322.jpg 750w, https:\/\/mudanzasgarraf.com\/vilanova-i-la-geltru\/wp-content\/uploads\/2015\/05\/mudanzas-garraf-3.jpg 1400w\" sizes=\"(max-width: 300px) 100vw, 300px\" \/><\/a><figcaption id=\"caption-attachment-3085\" class=\"wp-caption-text\">mudanza cunit<\/figcaption><\/figure>\n<\/div>\n<p align=\"justify\"><a href=\"http:\/\/www.sitgesmudanzas.com\/\" target=\"_blank\" rel=\"noopener\">Mas informaci\u00f3n<\/a><\/p>\n\n\t\t<\/div> \n\t<\/div> [\/vc_column][\/vc_row]<div class=\"vc_row wpb_row\"><div class=\"wpb_column vc_column_container col-sm-12\"><div class=\"wpb_wrapper\">\n\t<div class=\"wpb_single_image wpb_content_element vc_align_center\">\n\t\t<div class=\"wpb_wrapper\">\n\t\t\t\n\t\t\t<a href=\"http:\/\/mudanzasgarraf.com\/vilanova-i-la-geltru\/contacto\/\" target=\"_self\"><div class=\"vc_single_image-wrapper   vc_box_border_grey\"><img width=\"300\" height=\"126\" src=\"https:\/\/mudanzasgarraf.com\/vilanova-i-la-geltru\/wp-content\/uploads\/2015\/09\/solicite_presupuesto_boton-300x126.jpg\" class=\"vc_single_image-img attachment-medium\" alt=\"\" loading=\"lazy\" srcset=\"https:\/\/mudanzasgarraf.com\/vilanova-i-la-geltru\/wp-content\/uploads\/2015\/09\/solicite_presupuesto_boton-300x126.jpg 300w, https:\/\/mudanzasgarraf.com\/vilanova-i-la-geltru\/wp-content\/uploads\/2015\/09\/solicite_presupuesto_boton.jpg 425w\" sizes=\"(max-width: 300px) 100vw, 300px\" \/><\/div><\/a>\n\t\t<\/div> \n\t<\/div> <\/div><\/div><\/div>\n","protected":false},"excerpt":{"rendered":"<p>Mudanzas Cunit Mudanza Cunit le ofrece , tanto dentro de <\/p>\n","protected":false},"author":1,"featured_media":0,"parent":0,"menu_order":0,"comment_status":"closed","ping_status":"closed","template":"page-sidebar-right.php","meta":[],"yoast_head":"<!-- This site is optimized with the Yoast SEO plugin v19.0 - https:\/\/yoast.com\/wordpress\/plugins\/seo\/ -->\n<title>Mudanzas Cunit - Mudanzas Garraf - Vilafranca del penedes - Sante Pered de Ribes<\/title>\n<meta name=\"description\" content=\"Si necesita realizar una Mudanza Cunit, tanto dentro de Cunit como hacia otras poblaciones de la Comarca del Garraf o a cualquier otro punto del pais.\" \/>\n<meta name=\"robots\" content=\"index, follow, max-snippet:-1, max-image-preview:large, max-video-preview:-1\" \/>\n<link rel=\"canonical\" href=\"https:\/\/mudanzasgarraf.com\/vilanova-i-la-geltru\/mudanza-cunit-2\/\" \/>\n<meta property=\"og:locale\" content=\"es_ES\" \/>\n<meta property=\"og:type\" content=\"article\" \/>\n<meta property=\"og:title\" content=\"Mudanzas Cunit - Mudanzas Garraf - Vilafranca del penedes - Sante Pered de Ribes\" \/>\n<meta property=\"og:description\" content=\"Si necesita realizar una Mudanza Cunit, tanto dentro de Cunit como hacia otras poblaciones de la Comarca del Garraf o a cualquier otro punto del pais.\" \/>\n<meta property=\"og:url\" content=\"https:\/\/mudanzasgarraf.com\/vilanova-i-la-geltru\/mudanza-cunit-2\/\" \/>\n<meta property=\"og:site_name\" content=\"Mudanzas Garraf - Vilafranca del penedes - Sante Pered de Ribes\" \/>\n<meta property=\"article:modified_time\" content=\"2022-05-24T11:54:27+00:00\" \/>\n<meta property=\"og:image\" content=\"http:\/\/mudanzasgarraf.com\/vilanova-i-la-geltru\/wp-content\/uploads\/2015\/05\/mudanzas-garraf-3-300x129.jpg\" \/>\n<meta name=\"twitter:card\" content=\"summary\" \/>\n<meta name=\"twitter:label1\" content=\"Tiempo de lectura\" \/>\n\t<meta name=\"twitter:data1\" content=\"4 minutos\" \/>\n<script type=\"application\/ld+json\" class=\"yoast-schema-graph\">{\"@context\":\"https:\/\/schema.org\",\"@graph\":[{\"@type\":\"WebSite\",\"@id\":\"https:\/\/mudanzasgarraf.com\/vilanova-i-la-geltru\/#website\",\"url\":\"https:\/\/mudanzasgarraf.com\/vilanova-i-la-geltru\/\",\"name\":\"Mudanzas Garraf - Vilafranca del penedes - Sante Pered de Ribes\",\"description\":\"Otro sitio realizado con WordPress\",\"potentialAction\":[{\"@type\":\"SearchAction\",\"target\":{\"@type\":\"EntryPoint\",\"urlTemplate\":\"https:\/\/mudanzasgarraf.com\/vilanova-i-la-geltru\/?s={search_term_string}\"},\"query-input\":\"required name=search_term_string\"}],\"inLanguage\":\"es\"},{\"@type\":\"ImageObject\",\"inLanguage\":\"es\",\"@id\":\"https:\/\/mudanzasgarraf.com\/vilanova-i-la-geltru\/mudanza-cunit-2\/#primaryimage\",\"url\":\"http:\/\/mudanzasgarraf.com\/vilanova-i-la-geltru\/wp-content\/uploads\/2015\/05\/mudanzas-garraf-3-300x129.jpg\",\"contentUrl\":\"http:\/\/mudanzasgarraf.com\/vilanova-i-la-geltru\/wp-content\/uploads\/2015\/05\/mudanzas-garraf-3-300x129.jpg\"},{\"@type\":\"WebPage\",\"@id\":\"https:\/\/mudanzasgarraf.com\/vilanova-i-la-geltru\/mudanza-cunit-2\/#webpage\",\"url\":\"https:\/\/mudanzasgarraf.com\/vilanova-i-la-geltru\/mudanza-cunit-2\/\",\"name\":\"Mudanzas Cunit - Mudanzas Garraf - Vilafranca del penedes - Sante Pered de Ribes\",\"isPartOf\":{\"@id\":\"https:\/\/mudanzasgarraf.com\/vilanova-i-la-geltru\/#website\"},\"primaryImageOfPage\":{\"@id\":\"https:\/\/mudanzasgarraf.com\/vilanova-i-la-geltru\/mudanza-cunit-2\/#primaryimage\"},\"datePublished\":\"2015-09-20T11:08:44+00:00\",\"dateModified\":\"2022-05-24T11:54:27+00:00\",\"description\":\"Si necesita realizar una Mudanza Cunit, tanto dentro de Cunit como hacia otras poblaciones de la Comarca del Garraf o a cualquier otro punto del pais.\",\"breadcrumb\":{\"@id\":\"https:\/\/mudanzasgarraf.com\/vilanova-i-la-geltru\/mudanza-cunit-2\/#breadcrumb\"},\"inLanguage\":\"es\",\"potentialAction\":[{\"@type\":\"ReadAction\",\"target\":[\"https:\/\/mudanzasgarraf.com\/vilanova-i-la-geltru\/mudanza-cunit-2\/\"]}]},{\"@type\":\"BreadcrumbList\",\"@id\":\"https:\/\/mudanzasgarraf.com\/vilanova-i-la-geltru\/mudanza-cunit-2\/#breadcrumb\",\"itemListElement\":[{\"@type\":\"ListItem\",\"position\":1,\"name\":\"Portada\",\"item\":\"https:\/\/mudanzasgarraf.com\/vilanova-i-la-geltru\/\"},{\"@type\":\"ListItem\",\"position\":2,\"name\":\"Mudanzas Cunit\"}]}]}<\/script>\n<!-- \/ Yoast SEO plugin. -->","yoast_head_json":{"title":"Mudanzas Cunit - Mudanzas Garraf - Vilafranca del penedes - Sante Pered de Ribes","description":"Si necesita realizar una Mudanza Cunit, tanto dentro de Cunit como hacia otras poblaciones de la Comarca del Garraf o a cualquier otro punto del pais.","robots":{"index":"index","follow":"follow","max-snippet":"max-snippet:-1","max-image-preview":"max-image-preview:large","max-video-preview":"max-video-preview:-1"},"canonical":"https:\/\/mudanzasgarraf.com\/vilanova-i-la-geltru\/mudanza-cunit-2\/","og_locale":"es_ES","og_type":"article","og_title":"Mudanzas Cunit - Mudanzas Garraf - Vilafranca del penedes - Sante Pered de Ribes","og_description":"Si necesita realizar una Mudanza Cunit, tanto dentro de Cunit como hacia otras poblaciones de la Comarca del Garraf o a cualquier otro punto del pais.","og_url":"https:\/\/mudanzasgarraf.com\/vilanova-i-la-geltru\/mudanza-cunit-2\/","og_site_name":"Mudanzas Garraf - Vilafranca del penedes - Sante Pered de Ribes","article_modified_time":"2022-05-24T11:54:27+00:00","og_image":[{"url":"http:\/\/mudanzasgarraf.com\/vilanova-i-la-geltru\/wp-content\/uploads\/2015\/05\/mudanzas-garraf-3-300x129.jpg"}],"twitter_card":"summary","twitter_misc":{"Tiempo de lectura":"4 minutos"},"schema":{"@context":"https:\/\/schema.org","@graph":[{"@type":"WebSite","@id":"https:\/\/mudanzasgarraf.com\/vilanova-i-la-geltru\/#website","url":"https:\/\/mudanzasgarraf.com\/vilanova-i-la-geltru\/","name":"Mudanzas Garraf - Vilafranca del penedes - Sante Pered de Ribes","description":"Otro sitio realizado con WordPress","potentialAction":[{"@type":"SearchAction","target":{"@type":"EntryPoint","urlTemplate":"https:\/\/mudanzasgarraf.com\/vilanova-i-la-geltru\/?s={search_term_string}"},"query-input":"required name=search_term_string"}],"inLanguage":"es"},{"@type":"ImageObject","inLanguage":"es","@id":"https:\/\/mudanzasgarraf.com\/vilanova-i-la-geltru\/mudanza-cunit-2\/#primaryimage","url":"http:\/\/mudanzasgarraf.com\/vilanova-i-la-geltru\/wp-content\/uploads\/2015\/05\/mudanzas-garraf-3-300x129.jpg","contentUrl":"http:\/\/mudanzasgarraf.com\/vilanova-i-la-geltru\/wp-content\/uploads\/2015\/05\/mudanzas-garraf-3-300x129.jpg"},{"@type":"WebPage","@id":"https:\/\/mudanzasgarraf.com\/vilanova-i-la-geltru\/mudanza-cunit-2\/#webpage","url":"https:\/\/mudanzasgarraf.com\/vilanova-i-la-geltru\/mudanza-cunit-2\/","name":"Mudanzas Cunit - Mudanzas Garraf - Vilafranca del penedes - Sante Pered de Ribes","isPartOf":{"@id":"https:\/\/mudanzasgarraf.com\/vilanova-i-la-geltru\/#website"},"primaryImageOfPage":{"@id":"https:\/\/mudanzasgarraf.com\/vilanova-i-la-geltru\/mudanza-cunit-2\/#primaryimage"},"datePublished":"2015-09-20T11:08:44+00:00","dateModified":"2022-05-24T11:54:27+00:00","description":"Si necesita realizar una Mudanza Cunit, tanto dentro de Cunit como hacia otras poblaciones de la Comarca del Garraf o a cualquier otro punto del pais.","breadcrumb":{"@id":"https:\/\/mudanzasgarraf.com\/vilanova-i-la-geltru\/mudanza-cunit-2\/#breadcrumb"},"inLanguage":"es","potentialAction":[{"@type":"ReadAction","target":["https:\/\/mudanzasgarraf.com\/vilanova-i-la-geltru\/mudanza-cunit-2\/"]}]},{"@type":"BreadcrumbList","@id":"https:\/\/mudanzasgarraf.com\/vilanova-i-la-geltru\/mudanza-cunit-2\/#breadcrumb","itemListElement":[{"@type":"ListItem","position":1,"name":"Portada","item":"https:\/\/mudanzasgarraf.com\/vilanova-i-la-geltru\/"},{"@type":"ListItem","position":2,"name":"Mudanzas Cunit"}]}]}},"_links":{"self":[{"href":"https:\/\/mudanzasgarraf.com\/vilanova-i-la-geltru\/wp-json\/wp\/v2\/pages\/3205"}],"collection":[{"href":"https:\/\/mudanzasgarraf.com\/vilanova-i-la-geltru\/wp-json\/wp\/v2\/pages"}],"about":[{"href":"https:\/\/mudanzasgarraf.com\/vilanova-i-la-geltru\/wp-json\/wp\/v2\/types\/page"}],"author":[{"embeddable":true,"href":"https:\/\/mudanzasgarraf.com\/vilanova-i-la-geltru\/wp-json\/wp\/v2\/users\/1"}],"replies":[{"embeddable":true,"href":"https:\/\/mudanzasgarraf.com\/vilanova-i-la-geltru\/wp-json\/wp\/v2\/comments?post=3205"}],"version-history":[{"count":23,"href":"https:\/\/mudanzasgarraf.com\/vilanova-i-la-geltru\/wp-json\/wp\/v2\/pages\/3205\/revisions"}],"predecessor-version":[{"id":3328,"href":"https:\/\/mudanzasgarraf.com\/vilanova-i-la-geltru\/wp-json\/wp\/v2\/pages\/3205\/revisions\/3328"}],"wp:attachment":[{"href":"https:\/\/mudanzasgarraf.com\/vilanova-i-la-geltru\/wp-json\/wp\/v2\/media?parent=3205"}],"curies":[{"name":"wp","href":"https:\/\/api.w.org\/{rel}","templated":true}]}}