{"id":2989,"date":"2015-07-09T15:20:30","date_gmt":"2015-07-09T15:20:30","guid":{"rendered":"http:\/\/192.168.1.249\/css\/wordpress\/unship\/unship-home3\/?page_id=2989"},"modified":"2015-11-13T17:50:27","modified_gmt":"2015-11-13T17:50:27","slug":"inicio","status":"publish","type":"page","link":"https:\/\/mudanzasgarraf.com\/vilanova-i-la-geltru\/","title":{"rendered":"Inicio"},"content":{"rendered":"<div data-vc-full-width=\"true\" data-vc-full-width-init=\"false\" class=\"vc_row wpb_row vc_custom_1431861387039\"><div class=\"wpb_column vc_column_container col-sm-12\"><div class=\"wpb_wrapper\"><div class=\"wpb_revslider_element wpb_content_element\">\n\t\t\t<!-- START home1 REVOLUTION SLIDER 6.2.23 --><p class=\"rs-p-wp-fix\"><\/p>\n\t\t\t<rs-module-wrap id=\"rev_slider_1_1_wrapper\" data-source=\"gallery\" style=\"background:#E9E9E9;padding:0;margin:0px auto;margin-top:0;margin-bottom:0;\">\n\t\t\t\t<rs-module id=\"rev_slider_1_1\" style=\"\" data-version=\"6.2.23\">\n\t\t\t\t\t<rs-slides>\n\t\t\t\t\t\t<rs-slide data-key=\"rs-2\" data-title=\"Todo en transporte\" data-duration=\"10000\" data-anim=\"ei:d;eo:d;s:1000;r:0;t:fade;sl:5;\">\n\t\t\t\t\t\t\t<img src=\"\/\/mudanzasgarraf.com\/vilanova-i-la-geltru\/wp-content\/uploads\/2015\/05\/mudanzas-garraf-2.jpg\" title=\"Inicio\" class=\"rev-slidebg\" data-no-retina>\n<!--\n\t\t\t\t\t\t\t--><rs-layer\n\t\t\t\t\t\t\t\tid=\"slider-1-slide-2-layer-1\" \n\t\t\t\t\t\t\t\tclass=\"largeboldwhite-fondo\"\n\t\t\t\t\t\t\t\tdata-type=\"text\"\n\t\t\t\t\t\t\t\tdata-color=\"#ffffff\"\n\t\t\t\t\t\t\t\tdata-rsp_ch=\"on\"\n\t\t\t\t\t\t\t\tdata-xy=\"y:130px;\"\n\t\t\t\t\t\t\t\tdata-text=\"s:58;l:60;fw:800;\"\n\t\t\t\t\t\t\t\tdata-frame_1=\"e:power1.out;st:1300;\"\n\t\t\t\t\t\t\t\tdata-frame_999=\"st:w;auto:true;\"\n\t\t\t\t\t\t\t\tstyle=\"z-index:5;background-color:rgba(94,101,88,0.30);font-family:Open Sans;\"\n\t\t\t\t\t\t\t>Todo en transporte de muebles \n\t\t\t\t\t\t\t<\/rs-layer><!--\n\n\t\t\t\t\t\t\t--><rs-layer\n\t\t\t\t\t\t\t\tid=\"slider-1-slide-2-layer-2\" \n\t\t\t\t\t\t\t\tclass=\"mediumlargelightwhite-fondo\"\n\t\t\t\t\t\t\t\tdata-type=\"text\"\n\t\t\t\t\t\t\t\tdata-color=\"#ffffff\"\n\t\t\t\t\t\t\t\tdata-rsp_ch=\"on\"\n\t\t\t\t\t\t\t\tdata-xy=\"y:190px;\"\n\t\t\t\t\t\t\t\tdata-text=\"s:34;l:40;fw:300;\"\n\t\t\t\t\t\t\t\tdata-frame_1=\"e:power1.out;st:1700;\"\n\t\t\t\t\t\t\t\tdata-frame_999=\"st:w;auto:true;\"\n\t\t\t\t\t\t\t\tstyle=\"z-index:6;background-color:rgba(94,101,88,0.31);font-family:Open Sans;\"\n\t\t\t\t\t\t\t>Viviendas, oficinas y almacenes. \n\t\t\t\t\t\t\t<\/rs-layer><!--\n\n\t\t\t\t\t\t\t--><rs-layer\n\t\t\t\t\t\t\t\tid=\"slider-1-slide-2-layer-3\" \n\t\t\t\t\t\t\t\tclass=\"css-hr\"\n\t\t\t\t\t\t\t\tdata-type=\"text\"\n\t\t\t\t\t\t\t\tdata-color=\"#eee\"\n\t\t\t\t\t\t\t\tdata-rsp_ch=\"on\"\n\t\t\t\t\t\t\t\tdata-xy=\"y:245px;\"\n\t\t\t\t\t\t\t\tdata-text=\"s:34;fw:900;\"\n\t\t\t\t\t\t\t\tdata-frame_1=\"e:power2.out;st:2050;\"\n\t\t\t\t\t\t\t\tdata-frame_999=\"st:w;auto:true;\"\n\t\t\t\t\t\t\t\tstyle=\"z-index:7;font-family:Roboto;letter-spacing:-2px;\"\n\t\t\t\t\t\t\t>___ \n\t\t\t\t\t\t\t<\/rs-layer><!--\n\n\t\t\t\t\t\t\t--><rs-layer\n\t\t\t\t\t\t\t\tid=\"slider-1-slide-2-layer-4\" \n\t\t\t\t\t\t\t\tclass=\"modernmediumfatwhite-fondo\"\n\t\t\t\t\t\t\t\tdata-type=\"text\"\n\t\t\t\t\t\t\t\tdata-color=\"#ffffff\"\n\t\t\t\t\t\t\t\tdata-rsp_ch=\"on\"\n\t\t\t\t\t\t\t\tdata-xy=\"y:300px;\"\n\t\t\t\t\t\t\t\tdata-text=\"s:24;l:20;fw:800;\"\n\t\t\t\t\t\t\t\tdata-frame_1=\"e:power1.out;st:2550;\"\n\t\t\t\t\t\t\t\tdata-frame_999=\"st:w;auto:true;\"\n\t\t\t\t\t\t\t\tstyle=\"z-index:8;background-color:rgba(94,101,88,0.31);font-family:Open Sans,sans-serif;text-shadow:none;white-space:nowrap;\"\n\t\t\t\t\t\t\t>Cubrimos todas las necesidades de<\/p> nuestros clientes, con eficacia, seriedad, <\/p>rapidez y bajo coste. \n\t\t\t\t\t\t\t<\/rs-layer><!--\n\n\t\t\t\t\t\t\t--><rs-layer\n\t\t\t\t\t\t\t\tid=\"slider-1-slide-2-layer-5\" \n\t\t\t\t\t\t\t\tclass=\"css-small-text\"\n\t\t\t\t\t\t\t\tdata-type=\"text\"\n\t\t\t\t\t\t\t\tdata-color=\"#ffffff\"\n\t\t\t\t\t\t\t\tdata-rsp_ch=\"on\"\n\t\t\t\t\t\t\t\tdata-xy=\"x:807px;y:487px;\"\n\t\t\t\t\t\t\t\tdata-text=\"s:16;l:30;\"\n\t\t\t\t\t\t\t\tdata-frame_1=\"e:power2.out;st:3000;\"\n\t\t\t\t\t\t\t\tdata-frame_999=\"st:w;auto:true;\"\n\t\t\t\t\t\t\t\tstyle=\"z-index:9;font-family:Roboto;\"\n\t\t\t\t\t\t\t><a href=\"http:\/\/mudanzasgarraf.com\/vilanova-i-la-geltru\/contacto\/\" class=\"btn btn-primary\">Contacte con nosotros<\/a> \n\t\t\t\t\t\t\t<\/rs-layer><!--\n-->\t\t\t\t\t\t<\/rs-slide>\n\t\t\t\t\t\t<rs-slide data-key=\"rs-1\" data-title=\"Su tiempo es dinero\" data-duration=\"10000\" data-anim=\"ei:d;eo:d;s:1000;r:0;t:fade;sl:5;\">\n\t\t\t\t\t\t\t<img src=\"\/\/mudanzasgarraf.com\/vilanova-i-la-geltru\/wp-content\/uploads\/2015\/05\/mudanzas-garraf-1.jpg\" title=\"Inicio\" class=\"rev-slidebg\" data-no-retina>\n<!--\n\t\t\t\t\t\t\t--><rs-layer\n\t\t\t\t\t\t\t\tid=\"slider-1-slide-1-layer-1\" \n\t\t\t\t\t\t\t\tclass=\"css-hr\"\n\t\t\t\t\t\t\t\tdata-type=\"text\"\n\t\t\t\t\t\t\t\tdata-color=\"#eee\"\n\t\t\t\t\t\t\t\tdata-rsp_ch=\"on\"\n\t\t\t\t\t\t\t\tdata-xy=\"y:90px;\"\n\t\t\t\t\t\t\t\tdata-text=\"s:34;fw:900;\"\n\t\t\t\t\t\t\t\tdata-frame_1=\"e:power1.out;st:1450;\"\n\t\t\t\t\t\t\t\tdata-frame_999=\"st:w;auto:true;\"\n\t\t\t\t\t\t\t\tstyle=\"z-index:5;font-family:Roboto;letter-spacing:-2px;\"\n\t\t\t\t\t\t\t>___ \n\t\t\t\t\t\t\t<\/rs-layer><!--\n\n\t\t\t\t\t\t\t--><rs-layer\n\t\t\t\t\t\t\t\tid=\"slider-1-slide-1-layer-2\" \n\t\t\t\t\t\t\t\tclass=\"largeboldwhite-fondo\"\n\t\t\t\t\t\t\t\tdata-type=\"text\"\n\t\t\t\t\t\t\t\tdata-color=\"#ffffff\"\n\t\t\t\t\t\t\t\tdata-rsp_ch=\"on\"\n\t\t\t\t\t\t\t\tdata-xy=\"y:130px;\"\n\t\t\t\t\t\t\t\tdata-text=\"s:58;l:60;fw:800;\"\n\t\t\t\t\t\t\t\tdata-frame_1=\"e:power1.out;st:1650;\"\n\t\t\t\t\t\t\t\tdata-frame_999=\"st:w;auto:true;\"\n\t\t\t\t\t\t\t\tstyle=\"z-index:6;background-color:rgba(94,101,88,0.30);font-family:Open Sans;\"\n\t\t\t\t\t\t\t>Valoramos su tiempo y su dinero \n\t\t\t\t\t\t\t<\/rs-layer><!--\n\n\t\t\t\t\t\t\t--><rs-layer\n\t\t\t\t\t\t\t\tid=\"slider-1-slide-1-layer-3\" \n\t\t\t\t\t\t\t\tclass=\"mediumlargelightwhite-fondo\"\n\t\t\t\t\t\t\t\tdata-type=\"text\"\n\t\t\t\t\t\t\t\tdata-color=\"#ffffff\"\n\t\t\t\t\t\t\t\tdata-rsp_ch=\"on\"\n\t\t\t\t\t\t\t\tdata-xy=\"y:190px;\"\n\t\t\t\t\t\t\t\tdata-text=\"s:34;l:40;fw:300;\"\n\t\t\t\t\t\t\t\tdata-frame_1=\"e:power1.out;st:1850;\"\n\t\t\t\t\t\t\t\tdata-frame_999=\"st:w;auto:true;\"\n\t\t\t\t\t\t\t\tstyle=\"z-index:7;background-color:rgba(94,101,88,0.31);font-family:Open Sans;\"\n\t\t\t\t\t\t\t>Somos la empresa de mudanzas m\u00e1s antigua del Garraf \n\t\t\t\t\t\t\t<\/rs-layer><!--\n\n\t\t\t\t\t\t\t--><rs-layer\n\t\t\t\t\t\t\t\tid=\"slider-1-slide-1-layer-4\" \n\t\t\t\t\t\t\t\tclass=\"mediumlargelightwhite-fondo\"\n\t\t\t\t\t\t\t\tdata-type=\"text\"\n\t\t\t\t\t\t\t\tdata-color=\"#ffffff\"\n\t\t\t\t\t\t\t\tdata-rsp_ch=\"on\"\n\t\t\t\t\t\t\t\tdata-xy=\"x:3px;y:232px;\"\n\t\t\t\t\t\t\t\tdata-text=\"s:34;l:40;fw:300;\"\n\t\t\t\t\t\t\t\tdata-frame_1=\"e:power1.out;st:1850;\"\n\t\t\t\t\t\t\t\tdata-frame_999=\"st:w;auto:true;\"\n\t\t\t\t\t\t\t\tstyle=\"z-index:8;background-color:rgba(94,101,88,0.31);font-family:Open Sans;\"\n\t\t\t\t\t\t\t>Pionera en tecnologia. \n\t\t\t\t\t\t\t<\/rs-layer><!--\n\n\t\t\t\t\t\t\t--><rs-layer\n\t\t\t\t\t\t\t\tid=\"slider-1-slide-1-layer-5\" \n\t\t\t\t\t\t\t\tclass=\"css-hr\"\n\t\t\t\t\t\t\t\tdata-type=\"text\"\n\t\t\t\t\t\t\t\tdata-color=\"#eee\"\n\t\t\t\t\t\t\t\tdata-rsp_ch=\"on\"\n\t\t\t\t\t\t\t\tdata-xy=\"y:210px;\"\n\t\t\t\t\t\t\t\tdata-text=\"s:34;fw:900;\"\n\t\t\t\t\t\t\t\tdata-frame_1=\"e:power1.out;st:2050;\"\n\t\t\t\t\t\t\t\tdata-frame_999=\"st:w;auto:true;\"\n\t\t\t\t\t\t\t\tstyle=\"z-index:9;font-family:Roboto;letter-spacing:-2px;\"\n\t\t\t\t\t\t\t>___ \n\t\t\t\t\t\t\t<\/rs-layer><!--\n\n\t\t\t\t\t\t\t--><rs-layer\n\t\t\t\t\t\t\t\tid=\"slider-1-slide-1-layer-6\" \n\t\t\t\t\t\t\t\tclass=\"modernmediumfatwhite-fondo\"\n\t\t\t\t\t\t\t\tdata-type=\"text\"\n\t\t\t\t\t\t\t\tdata-color=\"#ffffff\"\n\t\t\t\t\t\t\t\tdata-rsp_ch=\"on\"\n\t\t\t\t\t\t\t\tdata-xy=\"x:-1px;y:338px;\"\n\t\t\t\t\t\t\t\tdata-text=\"s:24;l:20;fw:800;\"\n\t\t\t\t\t\t\t\tdata-frame_1=\"e:power1.out;st:2300;\"\n\t\t\t\t\t\t\t\tdata-frame_999=\"st:w;auto:true;\"\n\t\t\t\t\t\t\t\tstyle=\"z-index:10;background-color:rgba(94,101,88,0.31);font-family:Open Sans,sans-serif;text-shadow:none;white-space:nowrap;\"\n\t\t\t\t\t\t\t>Todo lo que ofrecemos y exponemos en nuestra web, es el fiel reflejo<\/p>de los servicios que obtendr\u00e1 al contratarnos.<\/p>Disponemos de guardamuebles propio y alquiler de contenedores, <\/p> adem\u00e1s, el material de embalaje y primer mes de guardamuebles  <br>es \u00a1Gratis! \n\t\t\t\t\t\t\t<\/rs-layer><!--\n\n\t\t\t\t\t\t\t--><rs-layer\n\t\t\t\t\t\t\t\tid=\"slider-1-slide-1-layer-7\" \n\t\t\t\t\t\t\t\tclass=\"css-small-text\"\n\t\t\t\t\t\t\t\tdata-type=\"text\"\n\t\t\t\t\t\t\t\tdata-color=\"#ffffff\"\n\t\t\t\t\t\t\t\tdata-rsp_ch=\"on\"\n\t\t\t\t\t\t\t\tdata-xy=\"x:810px;y:500px;\"\n\t\t\t\t\t\t\t\tdata-text=\"s:16;l:30;\"\n\t\t\t\t\t\t\t\tdata-frame_1=\"e:power1.out;st:2900;\"\n\t\t\t\t\t\t\t\tdata-frame_999=\"st:w;auto:true;\"\n\t\t\t\t\t\t\t\tstyle=\"z-index:11;font-family:Roboto;\"\n\t\t\t\t\t\t\t><a href=\"#\" class=\"btn btn-primary\">Solicite presupuesto<\/a> \n\t\t\t\t\t\t\t<\/rs-layer><!--\n-->\t\t\t\t\t\t<\/rs-slide>\n\t\t\t\t\t<\/rs-slides>\n\t\t\t\t<\/rs-module>\n\t\t\t\t<script type=\"text\/javascript\">\n\t\t\t\t\tsetREVStartSize({c: 'rev_slider_1_1',rl:[1240,1024,778,480],el:[],gw:[1170],gh:[600],type:'standard',justify:'',layout:'fullwidth',mh:\"600\"});\n\t\t\t\t\tvar\trevapi1,\n\t\t\t\t\t\ttpj;\n\t\t\t\t\tfunction revinit_revslider11() {\n\t\t\t\t\tjQuery(function() {\n\t\t\t\t\t\ttpj = jQuery;\n\t\t\t\t\t\trevapi1 = tpj(\"#rev_slider_1_1\");\n\t\t\t\t\t\ttpj.noConflict();\n\t\t\t\t\t\tif(revapi1==undefined || revapi1.revolution == undefined){\n\t\t\t\t\t\t\trevslider_showDoubleJqueryError(\"rev_slider_1_1\");\n\t\t\t\t\t\t}else{\n\t\t\t\t\t\t\trevapi1.revolution({\n\t\t\t\t\t\t\t\tsliderLayout:\"fullwidth\",\n\t\t\t\t\t\t\t\tvisibilityLevels:\"1240,1024,778,480\",\n\t\t\t\t\t\t\t\tgridwidth:1170,\n\t\t\t\t\t\t\t\tgridheight:600,\n\t\t\t\t\t\t\t\tminHeight:600,\n\t\t\t\t\t\t\t\tspinner:\"spinner0\",\n\t\t\t\t\t\t\t\tperspectiveType:\"local\",\n\t\t\t\t\t\t\t\tresponsiveLevels:\"1240,1024,778,480\",\n\t\t\t\t\t\t\t\tprogressBar: {\n\t\t\t\t\t\t\t\t\tcolor:\"#FFFFFF\",\n\t\t\t\t\t\t\t\t\tvertical:\"hide\",\n\t\t\t\t\t\t\t\t\tsize:5\n\t\t\t\t\t\t\t\t},\n\t\t\t\t\t\t\t\tnavigation: {\n\t\t\t\t\t\t\t\t\tmouseScrollNavigation:false,\n\t\t\t\t\t\t\t\t\ttouch: {\n\t\t\t\t\t\t\t\t\t\ttouchenabled:true\n\t\t\t\t\t\t\t\t\t}\n\t\t\t\t\t\t\t\t},\n\t\t\t\t\t\t\t\tfallbacks: {\n\t\t\t\t\t\t\t\t\tallowHTML5AutoPlayOnAndroid:true\n\t\t\t\t\t\t\t\t},\n\t\t\t\t\t\t\t});\n\t\t\t\t\t\t}\n\t\t\t\t\t\t\n\t\t\t\t\t});\n\t\t\t\t\t} \/\/ End of RevInitScript\n\t\t\t\tvar once_revslider11 = false;\n\t\t\t\tif (document.readyState === \"loading\") {document.addEventListener('readystatechange',function() { if((document.readyState === \"interactive\" || document.readyState === \"complete\") && !once_revslider11 ) { once_revslider11 = true; revinit_revslider11();}});} else {once_revslider11 = true; revinit_revslider11();}\n\t\t\t\t<\/script>\n\t\t\t<\/rs-module-wrap>\n\t\t\t<!-- END REVOLUTION SLIDER -->\n<\/div>\n\n\t<div class=\"wpb_raw_code wpb_content_element wpb_raw_html\">\n\t\t<div class=\"wpb_wrapper\">\n\t\t\t<div id=\"google_translate_element\"><\/div><script type=\"text\/javascript\">\nfunction googleTranslateElementInit() {\n  new google.translate.TranslateElement({pageLanguage: 'es', includedLanguages: 'ca,de,en,fr,gl,it,pt,ru,zh-CN', layout: google.translate.TranslateElement.InlineLayout.SIMPLE}, 'google_translate_element');\n}\n<\/script><script type=\"text\/javascript\" src=\"\/\/translate.google.com\/translate_a\/element.js?cb=googleTranslateElementInit\"><\/script>\n        \n\t\t<\/div> \n\t<\/div> <\/div><\/div><\/div><div class=\"vc_row-full-width\"><\/div><div class=\"vc_row wpb_row vc_custom_1434439215732\"><div class=\"wpb_column vc_column_container col-sm-12\"><div class=\"wpb_wrapper\">    <div class=\"section-title-wrap text-center \">\n      <h2 class=\"section-title\">Respuesta en el momento de solicitar el presupuesto o contactar<\/h2>\n              <span class=\"section-sub\">\nRealizamos presupuestos en el d\u00eda\n<\/span>\n          <\/div>   \n\n<div class=\"vc_row wpb_row vc_inner vc_custom_1434439330059\"><div class=\"wpb_column vc_column_container col-sm-4\"><div class=\"wpb_wrapper\">\n        <div class=\"services-wrap   style-\">\n            \n            \n            <div class=\"service-content-wrap\">\n\n                <h3>Mudanzas Internacionales<\/h3>\n                <p>\n                    En Mudanzas Garraf , adem\u00e1s de calidad, innovaci\u00f3n y servicio, tenemos como&hellip;                <\/p>\n                            <\/div>\n        <\/div>\n\n    <\/div><\/div><div class=\"wpb_column vc_column_container col-sm-4\"><div class=\"wpb_wrapper\">\n        <div class=\"services-wrap   style-\">\n            \n            \n            <div class=\"service-content-wrap\">\n\n                <h3>Elevadores<\/h3>\n                <p>\n                    Llegamos donde usted necesite. Mediante plataformas elevadoras en Barcelona y Provincia, le&hellip;                <\/p>\n                            <\/div>\n        <\/div>\n\n    <\/div><\/div><div class=\"wpb_column vc_column_container col-sm-4\"><div class=\"wpb_wrapper\">\n        <div class=\"services-wrap   style-\">\n            \n            \n            <div class=\"service-content-wrap\">\n\n                <h3>Mudanzas Nacionales Economicas<\/h3>\n                <p>\n                    En Mudanzas Garraf , tenemos como objetivo que su mudanza sea econ\u00f3mica,&hellip;                <\/p>\n                            <\/div>\n        <\/div>\n\n    <\/div><\/div><\/div><\/div><\/div><\/div><div data-vc-full-width=\"true\" data-vc-full-width-init=\"false\" class=\"vc_row wpb_row feature-section vc_custom_1440149110148\"><div class=\"wpb_column vc_column_container col-sm-7 col-xs-12\"><div class=\"wpb_wrapper\">\n\t<div class=\"wpb_text_column wpb_content_element \">\n\t\t<div class=\"wpb_wrapper\">\n\t\t\t<div class=\"wpb_text_column wpb_content_element \">\n<div class=\"wpb_wrapper\">\n<h2>Mudanzas Nacionales e Internacionales<br \/>\nMudanzas Garraf<\/h2>\n<p align=\"justify\"><span style=\"color: #ffffff;\">En Sitges desd 1989, Todo en <strong>Transporte de muebles<br \/>\n<\/strong>Disponemos de <strong>guardamuebles propio y alquiler de contenedores<\/strong><\/span><\/p>\n<\/div>\n<\/div>\n\n\t\t<\/div> \n\t<\/div> \n\t<div class=\"wpb_raw_code wpb_content_element wpb_raw_html\">\n\t\t<div class=\"wpb_wrapper\">\n\t\t\t<a href=\"#\" class=\"btn btn-primary\">Contacto<\/a>\n\t\t<\/div> \n\t<\/div> <\/div><\/div><\/div><div class=\"vc_row-full-width\"><\/div><div class=\"vc_row wpb_row why-us-setion vc_custom_1434439234753\"><div class=\"wpb_column vc_column_container col-sm-12\"><div class=\"wpb_wrapper\">    <div class=\"section-title-wrap text-center \">\n      <h2 class=\"section-title\">Por que elegirnos?<\/h2>\n              <span class=\"section-sub\">No cobramos desplazamiento, lo que supone que solo pagar\u00e1 por las horas trabajadas.<\/span>\n          <\/div>   \n\n<div class=\"tabs tabs-style-iconbox \">\n\t<nav>\n\t\t<ul>\n\t\t\t\t\t\t\t<li class=\"\">\n\t\t\t\t\t<a href=\"#section-iconbox-0\">\n\t\t\t\t\t\t\t\t\t\t\t\t\t<i class=\"flaticon-logistics15\"><\/i>\n\t\t\t\t\t\t\t<span>Embalajes<\/span>\n\t\t\t\t\t\t\t\t\t\t\t<\/a>\n\t\t\t\t<\/li>\n\t\t\t\t\t\t\t<li class=\"\">\n\t\t\t\t\t<a href=\"#section-iconbox-1\">\n\t\t\t\t\t\t\t\t\t\t\t\t\t<i class=\"flaticon-logistics18\"><\/i>\n\t\t\t\t\t\t\t<span>Guardamuebles<\/span>\n\t\t\t\t\t\t\t\t\t\t\t<\/a>\n\t\t\t\t<\/li>\n\t\t\t\t\t\t\t<li class=\"\">\n\t\t\t\t\t<a href=\"#section-iconbox-2\">\n\t\t\t\t\t\t\t\t\t\t\t\t\t<i class=\"flaticon-delivery48\"><\/i>\n\t\t\t\t\t\t\t<span>Contenedores<\/span>\n\t\t\t\t\t\t\t\t\t\t\t<\/a>\n\t\t\t\t<\/li>\n\t\t\t\t\t\t\t<li class=\"\">\n\t\t\t\t\t<a href=\"#section-iconbox-3\">\n\t\t\t\t\t\t\t\t\t\t\t\t\t<i class=\"flaticon-broken43\"><\/i>\n\t\t\t\t\t\t\t<span>Mudanzas<\/span>\n\t\t\t\t\t\t\t\t\t\t\t<\/a>\n\t\t\t\t<\/li>\n\t\t\t\t\t<\/ul>\n\t<\/nav>\n\t<div class=\"content-wrap\">\n\t\t\t\t\t<section id=\"section-iconbox-0\">\n\t\t\t\t<div class=\"service-tab fadeIn\">\n\t\t\t\t\t<div class=\"vc_row wpb_row vc_inner vc_custom_1430913582600\"><div class=\"wpb_column vc_column_container col-sm-6\"><div class=\"wpb_wrapper\">\n\t<div class=\"wpb_single_image wpb_content_element vc_align_center\">\n\t\t<div class=\"wpb_wrapper\">\n\t\t\t\n\t\t\t<div class=\"vc_single_image-wrapper   vc_box_border_grey\"><img width=\"652\" height=\"326\" src=\"https:\/\/mudanzasgarraf.com\/vilanova-i-la-geltru\/wp-content\/uploads\/2015\/07\/Material-de-embalaje-para-mudanzas.png\" class=\"vc_single_image-img attachment-full\" alt=\"\" loading=\"lazy\" srcset=\"https:\/\/mudanzasgarraf.com\/vilanova-i-la-geltru\/wp-content\/uploads\/2015\/07\/Material-de-embalaje-para-mudanzas.png 652w, https:\/\/mudanzasgarraf.com\/vilanova-i-la-geltru\/wp-content\/uploads\/2015\/07\/Material-de-embalaje-para-mudanzas-300x150.png 300w\" sizes=\"(max-width: 652px) 100vw, 652px\" \/><\/div>\n\t\t<\/div> \n\t<\/div> <\/div><\/div><div class=\"wpb_column vc_column_container col-sm-6\"><div class=\"wpb_wrapper\">\n\t<div class=\"wpb_text_column wpb_content_element \">\n\t\t<div class=\"wpb_wrapper\">\n\t\t\t<h3>Embalajes Totalmente GRATUITOS<\/h3>\n<p>Mudanzas Garraf, en nuestro afan constante en mejorar nuestros servicios e innovar, le ofrece a sus clientes todo el embalaje para objetos fragiles, cristaleria, vasos, copas, botellas de vino, portarretratos etc. Tambien disponemos de cajas armario para su ropa, todo esto de forma totalmente gratuita.<\/p>\n\n\t\t<\/div> \n\t<\/div> <\/div><\/div><\/div>\t\t\t\t<\/div>\n\t\t\t<\/section>\n\t\t\t\t\t<section id=\"section-iconbox-1\">\n\t\t\t\t<div class=\"service-tab fadeIn\">\n\t\t\t\t\t<div class=\"vc_row wpb_row vc_inner vc_custom_1430913589237\"><div class=\"wpb_column vc_column_container col-sm-6\"><div class=\"wpb_wrapper\">\n\t<div class=\"wpb_single_image wpb_content_element vc_align_center\">\n\t\t<div class=\"wpb_wrapper\">\n\t\t\t\n\t\t\t<div class=\"vc_single_image-wrapper   vc_box_border_grey\"><img width=\"652\" height=\"326\" src=\"https:\/\/mudanzasgarraf.com\/vilanova-i-la-geltru\/wp-content\/uploads\/2015\/07\/Guardamuebles.png\" class=\"vc_single_image-img attachment-full\" alt=\"\" loading=\"lazy\" srcset=\"https:\/\/mudanzasgarraf.com\/vilanova-i-la-geltru\/wp-content\/uploads\/2015\/07\/Guardamuebles.png 652w, https:\/\/mudanzasgarraf.com\/vilanova-i-la-geltru\/wp-content\/uploads\/2015\/07\/Guardamuebles-300x150.png 300w\" sizes=\"(max-width: 652px) 100vw, 652px\" \/><\/div>\n\t\t<\/div> \n\t<\/div> <\/div><\/div><div class=\"wpb_column vc_column_container col-sm-6\"><div class=\"wpb_wrapper\">\n\t<div class=\"wpb_text_column wpb_content_element \">\n\t\t<div class=\"wpb_wrapper\">\n\t\t\t<h3>Guardamuebles primer mes GRATIS<\/h3>\n<p align=\"justify\">Nuestro servicio de guardamuebles cumple con todas las medidas para el cuidado absoluto de todos sus muebles y objetos personales.<\/p>\n<p align=\"justify\">S\u00f3lo cobramos los m3 que utilice y el primer mes de contrato es totalmente <strong>\u00a1Gratuito!<\/strong>.<\/p>\n\n\t\t<\/div> \n\t<\/div> <\/div><\/div><\/div>\t\t\t\t<\/div>\n\t\t\t<\/section>\n\t\t\t\t\t<section id=\"section-iconbox-2\">\n\t\t\t\t<div class=\"service-tab fadeIn\">\n\t\t\t\t\t<div class=\"vc_row wpb_row vc_inner vc_custom_1430913594819\"><div class=\"wpb_column vc_column_container col-sm-6\"><div class=\"wpb_wrapper\">\n\t<div class=\"wpb_single_image wpb_content_element vc_align_center\">\n\t\t<div class=\"wpb_wrapper\">\n\t\t\t\n\t\t\t<div class=\"vc_single_image-wrapper   vc_box_border_grey\"><img width=\"652\" height=\"326\" src=\"https:\/\/mudanzasgarraf.com\/vilanova-i-la-geltru\/wp-content\/uploads\/2015\/07\/Alquiler-de-contenedores.png\" class=\"vc_single_image-img attachment-full\" alt=\"\" loading=\"lazy\" srcset=\"https:\/\/mudanzasgarraf.com\/vilanova-i-la-geltru\/wp-content\/uploads\/2015\/07\/Alquiler-de-contenedores.png 652w, https:\/\/mudanzasgarraf.com\/vilanova-i-la-geltru\/wp-content\/uploads\/2015\/07\/Alquiler-de-contenedores-300x150.png 300w\" sizes=\"(max-width: 652px) 100vw, 652px\" \/><\/div>\n\t\t<\/div> \n\t<\/div> <\/div><\/div><div class=\"wpb_column vc_column_container col-sm-6\"><div class=\"wpb_wrapper\">\n\t<div class=\"wpb_text_column wpb_content_element \">\n\t\t<div class=\"wpb_wrapper\">\n\t\t\t<h3>Alquiler de contenedores<\/h3>\n<p align=\"justify\">Contamos con contenedores individuales de bajo coste, cuyo interior esta recubierto de poliuretano para el maximo cuidado de sus muebles y objetos personales.<\/p>\n<p align=\"justify\">Adem\u00e1s, pueden ser transportados a cualquier sitio donde sus necesidades lo requieran.<\/p>\n\n\t\t<\/div> \n\t<\/div> <\/div><\/div><\/div>\t\t\t\t<\/div>\n\t\t\t<\/section>\n\t\t\t\t\t<section id=\"section-iconbox-3\">\n\t\t\t\t<div class=\"service-tab fadeIn\">\n\t\t\t\t\t<div class=\"vc_row wpb_row vc_inner vc_custom_1430913599338\"><div class=\"wpb_column vc_column_container col-sm-6\"><div class=\"wpb_wrapper\">\n\t<div class=\"wpb_single_image wpb_content_element vc_align_center\">\n\t\t<div class=\"wpb_wrapper\">\n\t\t\t\n\t\t\t<div class=\"vc_single_image-wrapper   vc_box_border_grey\"><img width=\"630\" height=\"366\" src=\"https:\/\/mudanzasgarraf.com\/vilanova-i-la-geltru\/wp-content\/uploads\/2015\/07\/flota-camiones-mudanza04.png\" class=\"vc_single_image-img attachment-full\" alt=\"\" loading=\"lazy\" srcset=\"https:\/\/mudanzasgarraf.com\/vilanova-i-la-geltru\/wp-content\/uploads\/2015\/07\/flota-camiones-mudanza04.png 630w, https:\/\/mudanzasgarraf.com\/vilanova-i-la-geltru\/wp-content\/uploads\/2015\/07\/flota-camiones-mudanza04-300x174.png 300w\" sizes=\"(max-width: 630px) 100vw, 630px\" \/><\/div>\n\t\t<\/div> \n\t<\/div> <\/div><\/div><div class=\"wpb_column vc_column_container col-sm-6\"><div class=\"wpb_wrapper\">\n\t<div class=\"wpb_text_column wpb_content_element \">\n\t\t<div class=\"wpb_wrapper\">\n\t\t\t<h3>Nacionales e Internacionales<\/h3>\n<p align=\"justify\">En Mudanzas Garraf, realizamos traslados a toda Europa con la misma seriedad, eficacia y bajo coste con el que realizamos nuestras mudanzas nacionales, pero adem\u00e1s contamos con una amplia experiencia en envios de mudanzas a Latinoamerica.<\/p>\n<p><strong>\u00a1Consultenos!<\/strong><\/p>\n\n\t\t<\/div> \n\t<\/div> <\/div><\/div><\/div>\t\t\t\t<\/div>\n\t\t\t<\/section>\n\t\t\t<\/div>\n<\/div>\n\n<\/div><\/div><\/div><div data-vc-full-width=\"true\" data-vc-full-width-init=\"false\" class=\"vc_row wpb_row testimonial-section vc_custom_1434439245321\"><div class=\"wpb_column vc_column_container col-sm-12\"><div class=\"wpb_wrapper\">    <div class=\"section-title-wrap text-center \">\n      <h2 class=\"section-title\">Recomendaciones<\/h2>\n              <span class=\"section-sub\">\nMonotonectally innovate cross-media\nresources without seamless\n<\/span>\n          <\/div>   \n\n    \n    <div class=\"testimonial-caruosel  \">\n        <div class=\"testimonial-items\">\n\n            \n\n    <div class=\"item\">\n        <div class=\"testimonial-content\">\n            <p>\n<p>Desde luego no pudimos elegir mejor empresa para nuestra mudanza,un acierto total por su profesionalidad y por el equipo humano que lo componen,era una mudanza grande y compleja,en la que participaron 5 personas , ni un problema,todo fueron facilidades,en un solo d\u00eda desmontaron y emprendieron viaje y al d\u00eda siguiente en menos de 12 horas ten\u00edamos todo montado en nuestra nueva casa .GRACIAS.<\/p>\n<\/p>\n            <span class=\"client-title\">- Jose Lopez -<\/span>\n            \n                        \n            \n        <\/div><!-- \/.testimonial-content -->\n    <\/div>\n        \n\n    \n\n    <div class=\"item\">\n        <div class=\"testimonial-content\">\n            <p>Solicit\u00e9 presupuesto por internet porque no les conoc\u00eda.<br \/>\nMi mujer y yo hemos quedado muy satisfechos tanto en el aspecto profesional como en el trato personal que nos han dispensado, en especial su propietario Jesus .<br \/>\nA pesar de los peque\u00f1os inconvenientes que les hemos planteado ( llevar un mueble a otro domicilio, etc) no hemos visto ni una sola mala cara.<br \/>\nEl miedo que uno tiene cuando se llevan sus recuerdos y cosas personales se transform\u00f3 en satisfacci\u00f3n cuando vimos la profesionalidad con que trabajaban.<br \/>\nPara recomendarlos con total seguridad<\/p>\n            <span class=\"client-title\">- Pedro Pujol -<\/span>\n            \n                        \n            \n        <\/div><!-- \/.testimonial-content -->\n    <\/div>\n        \n\n    \n\n    <div class=\"item\">\n        <div class=\"testimonial-content\">\n            <p>\n<p>Hem quedat molt satisfets amb el transport realitzat per les persones que varen intervindre. No dubtar\u00e8 a contractarlaos en altres ocasions<\/p>\n<\/p>\n            <span class=\"client-title\">- Jordi Pujades -<\/span>\n            \n                        \n            \n        <\/div><!-- \/.testimonial-content -->\n    <\/div>\n        \n\n    \n        <\/div>\n\n    <\/div>\n\n    <\/div><\/div><\/div><div class=\"vc_row-full-width\"><\/div><div class=\"vc_row wpb_row\"><div class=\"wpb_column vc_column_container col-sm-12\"><div class=\"wpb_wrapper\"><div class=\"vc_separator wpb_content_element vc_separator_align_center vc_sep_width_100 vc_sep_pos_align_center vc_separator_no_text vc_sep_color_grey\"><span\n\t\tclass=\"vc_sep_holder vc_sep_holder_l\"><span\t\t\tclass=\"vc_sep_line\"><\/span><\/span><span\n\t\tclass=\"vc_sep_holder vc_sep_holder_r\"><span class=\"vc_sep_line\"><\/span><\/span>\n\t<\/div>\n<\/div><\/div><\/div><div class=\"vc_row wpb_row\"><div class=\"wpb_column vc_column_container col-sm-12\"><div class=\"wpb_wrapper\">\t<div class=\"vc_btn3-container vc_btn3-center\"><a class=\"vc_general vc_btn3 vc_btn3-size-md vc_btn3-shape-rounded vc_btn3-style-modern vc_btn3-icon-left vc_btn3-color-grey\" href=\"http:\/\/mudanzasgarraf.com\/vilanova-i-la-geltru\/contacto\/\" title=\"\" target=\"_self\"><i class=\"vc_btn3-icon fa fa-dot-circle-o\"><\/i> Solicite presupuesto personalizado<\/a><\/div><\/div><\/div><\/div>\n","protected":false},"excerpt":{"rendered":"En Mudanzas Garraf , tenemos como objetivo que su mudanza ","protected":false},"author":1,"featured_media":0,"parent":0,"menu_order":0,"comment_status":"open","ping_status":"closed","template":"template-home.php","meta":[],"yoast_head":"<!-- This site is optimized with the Yoast SEO plugin v19.0 - https:\/\/yoast.com\/wordpress\/plugins\/seo\/ -->\n<title>Inicio - Mudanzas Garraf - Vilafranca del penedes - Sante Pered de Ribes<\/title>\n<meta name=\"robots\" content=\"index, follow, max-snippet:-1, max-image-preview:large, max-video-preview:-1\" \/>\n<link rel=\"canonical\" href=\"https:\/\/mudanzasgarraf.com\/vilanova-i-la-geltru\/\" \/>\n<meta property=\"og:locale\" content=\"es_ES\" \/>\n<meta property=\"og:type\" content=\"article\" \/>\n<meta property=\"og:title\" content=\"Inicio - Mudanzas Garraf - Vilafranca del penedes - Sante Pered de Ribes\" \/>\n<meta property=\"og:url\" content=\"https:\/\/mudanzasgarraf.com\/vilanova-i-la-geltru\/\" \/>\n<meta property=\"og:site_name\" content=\"Mudanzas Garraf - Vilafranca del penedes - Sante Pered de Ribes\" \/>\n<meta property=\"article:modified_time\" content=\"2015-11-13T17:50:27+00:00\" \/>\n<meta name=\"twitter:card\" content=\"summary\" \/>\n<meta name=\"twitter:label1\" content=\"Tiempo de lectura\" \/>\n\t<meta name=\"twitter:data1\" content=\"5 minutos\" \/>\n<script type=\"application\/ld+json\" class=\"yoast-schema-graph\">{\"@context\":\"https:\/\/schema.org\",\"@graph\":[{\"@type\":\"WebSite\",\"@id\":\"https:\/\/mudanzasgarraf.com\/vilanova-i-la-geltru\/#website\",\"url\":\"https:\/\/mudanzasgarraf.com\/vilanova-i-la-geltru\/\",\"name\":\"Mudanzas Garraf - Vilafranca del penedes - Sante Pered de Ribes\",\"description\":\"Otro sitio realizado con WordPress\",\"potentialAction\":[{\"@type\":\"SearchAction\",\"target\":{\"@type\":\"EntryPoint\",\"urlTemplate\":\"https:\/\/mudanzasgarraf.com\/vilanova-i-la-geltru\/?s={search_term_string}\"},\"query-input\":\"required name=search_term_string\"}],\"inLanguage\":\"es\"},{\"@type\":\"WebPage\",\"@id\":\"https:\/\/mudanzasgarraf.com\/vilanova-i-la-geltru\/#webpage\",\"url\":\"https:\/\/mudanzasgarraf.com\/vilanova-i-la-geltru\/\",\"name\":\"Inicio - Mudanzas Garraf - Vilafranca del penedes - Sante Pered de Ribes\",\"isPartOf\":{\"@id\":\"https:\/\/mudanzasgarraf.com\/vilanova-i-la-geltru\/#website\"},\"datePublished\":\"2015-07-09T15:20:30+00:00\",\"dateModified\":\"2015-11-13T17:50:27+00:00\",\"breadcrumb\":{\"@id\":\"https:\/\/mudanzasgarraf.com\/vilanova-i-la-geltru\/#breadcrumb\"},\"inLanguage\":\"es\",\"potentialAction\":[{\"@type\":\"ReadAction\",\"target\":[\"https:\/\/mudanzasgarraf.com\/vilanova-i-la-geltru\/\"]}]},{\"@type\":\"BreadcrumbList\",\"@id\":\"https:\/\/mudanzasgarraf.com\/vilanova-i-la-geltru\/#breadcrumb\",\"itemListElement\":[{\"@type\":\"ListItem\",\"position\":1,\"name\":\"Portada\",\"item\":\"https:\/\/mudanzasgarraf.com\/vilanova-i-la-geltru\/\"},{\"@type\":\"ListItem\",\"position\":2,\"name\":\"Inicio\"}]}]}<\/script>\n<!-- \/ Yoast SEO plugin. -->","yoast_head_json":{"title":"Inicio - Mudanzas Garraf - Vilafranca del penedes - Sante Pered de Ribes","robots":{"index":"index","follow":"follow","max-snippet":"max-snippet:-1","max-image-preview":"max-image-preview:large","max-video-preview":"max-video-preview:-1"},"canonical":"https:\/\/mudanzasgarraf.com\/vilanova-i-la-geltru\/","og_locale":"es_ES","og_type":"article","og_title":"Inicio - Mudanzas Garraf - Vilafranca del penedes - Sante Pered de Ribes","og_url":"https:\/\/mudanzasgarraf.com\/vilanova-i-la-geltru\/","og_site_name":"Mudanzas Garraf - Vilafranca del penedes - Sante Pered de Ribes","article_modified_time":"2015-11-13T17:50:27+00:00","twitter_card":"summary","twitter_misc":{"Tiempo de lectura":"5 minutos"},"schema":{"@context":"https:\/\/schema.org","@graph":[{"@type":"WebSite","@id":"https:\/\/mudanzasgarraf.com\/vilanova-i-la-geltru\/#website","url":"https:\/\/mudanzasgarraf.com\/vilanova-i-la-geltru\/","name":"Mudanzas Garraf - Vilafranca del penedes - Sante Pered de Ribes","description":"Otro sitio realizado con WordPress","potentialAction":[{"@type":"SearchAction","target":{"@type":"EntryPoint","urlTemplate":"https:\/\/mudanzasgarraf.com\/vilanova-i-la-geltru\/?s={search_term_string}"},"query-input":"required name=search_term_string"}],"inLanguage":"es"},{"@type":"WebPage","@id":"https:\/\/mudanzasgarraf.com\/vilanova-i-la-geltru\/#webpage","url":"https:\/\/mudanzasgarraf.com\/vilanova-i-la-geltru\/","name":"Inicio - Mudanzas Garraf - Vilafranca del penedes - Sante Pered de Ribes","isPartOf":{"@id":"https:\/\/mudanzasgarraf.com\/vilanova-i-la-geltru\/#website"},"datePublished":"2015-07-09T15:20:30+00:00","dateModified":"2015-11-13T17:50:27+00:00","breadcrumb":{"@id":"https:\/\/mudanzasgarraf.com\/vilanova-i-la-geltru\/#breadcrumb"},"inLanguage":"es","potentialAction":[{"@type":"ReadAction","target":["https:\/\/mudanzasgarraf.com\/vilanova-i-la-geltru\/"]}]},{"@type":"BreadcrumbList","@id":"https:\/\/mudanzasgarraf.com\/vilanova-i-la-geltru\/#breadcrumb","itemListElement":[{"@type":"ListItem","position":1,"name":"Portada","item":"https:\/\/mudanzasgarraf.com\/vilanova-i-la-geltru\/"},{"@type":"ListItem","position":2,"name":"Inicio"}]}]}},"_links":{"self":[{"href":"https:\/\/mudanzasgarraf.com\/vilanova-i-la-geltru\/wp-json\/wp\/v2\/pages\/2989"}],"collection":[{"href":"https:\/\/mudanzasgarraf.com\/vilanova-i-la-geltru\/wp-json\/wp\/v2\/pages"}],"about":[{"href":"https:\/\/mudanzasgarraf.com\/vilanova-i-la-geltru\/wp-json\/wp\/v2\/types\/page"}],"author":[{"embeddable":true,"href":"https:\/\/mudanzasgarraf.com\/vilanova-i-la-geltru\/wp-json\/wp\/v2\/users\/1"}],"replies":[{"embeddable":true,"href":"https:\/\/mudanzasgarraf.com\/vilanova-i-la-geltru\/wp-json\/wp\/v2\/comments?post=2989"}],"version-history":[{"count":42,"href":"https:\/\/mudanzasgarraf.com\/vilanova-i-la-geltru\/wp-json\/wp\/v2\/pages\/2989\/revisions"}],"predecessor-version":[{"id":3294,"href":"https:\/\/mudanzasgarraf.com\/vilanova-i-la-geltru\/wp-json\/wp\/v2\/pages\/2989\/revisions\/3294"}],"wp:attachment":[{"href":"https:\/\/mudanzasgarraf.com\/vilanova-i-la-geltru\/wp-json\/wp\/v2\/media?parent=2989"}],"curies":[{"name":"wp","href":"https:\/\/api.w.org\/{rel}","templated":true}]}}